{"id":15,"date":"2025-06-15T17:55:04","date_gmt":"2025-06-15T15:55:04","guid":{"rendered":"https:\/\/musicallier.fr\/?page_id=15"},"modified":"2025-06-15T17:55:05","modified_gmt":"2025-06-15T15:55:05","slug":"mentions-legales","status":"publish","type":"page","link":"https:\/\/musicallier.fr\/index.php\/mentions-legales\/","title":{"rendered":"Mentions l\u00e9gales"},"content":{"rendered":"\n<h2 class=\"wp-block-heading\">Pr\u00e9sentation du site<\/h2>\n\n\n\n<p>En vertu de l&rsquo;article 6 de la loi n\u00b0 2004-575 du 21 juin 2004 pour la confiance dans l&rsquo;\u00e9conomie num\u00e9rique, il est pr\u00e9cis\u00e9 aux utilisateurs du site <a href=\"http:\/\/www.musicallier.fr\/\">www.musicallier.fr<\/a> l&rsquo;identit\u00e9 des diff\u00e9rents intervenants dans le cadre de sa r\u00e9alisation et de son suivi :<\/p>\n\n\n\n<p>Le pr\u00e9sent site est \u00e9dit\u00e9 par : COLLECTIF SYMPHONIQUE DE PROXIMITE, Association d\u00e9clar\u00e9e ayant pour num\u00e9ro de SIRET 92326296800012 et qui est domicili\u00e9e au 17 RUE JEAN JOSEPH DEBRUN<\/p>\n\n\n\n<p>Responsable de la publication : ROBIN MATHIEU, joignable par email <a href=\"mailto:symphoniquedeproximite@laposte.net\">symphoniquedeproximite@laposte.net<\/a><\/p>\n\n\n\n<p>Webmaster du site: freelance<\/p>\n\n\n\n<p><\/p>\n\n\n\n<h2 class=\"wp-block-heading\">Propri\u00e9t\u00e9 intellectuelle et contrefa\u00e7ons<\/h2>\n\n\n\n<p>L\u2019entreprise Music&rsquo;Allier est propri\u00e9taire des droits de propri\u00e9t\u00e9 intellectuelle ou d\u00e9tient les droits d\u2019usage sur tous les \u00e9l\u00e9ments accessibles sur le site, notamment : les textes, les images, les graphismes, le logo, les ic\u00f4nes,\u2026<\/p>\n\n\n\n<p>Toute reproduction, repr\u00e9sentation, modification, publication, adaptation de tout ou partie des \u00e9l\u00e9ments du site, quel que soit le moyen ou le proc\u00e9d\u00e9 utilis\u00e9, est interdite, sauf autorisation \u00e9crite pr\u00e9alable de l\u2019entreprise Music&rsquo;Allier.<\/p>\n\n\n\n<p>Toute exploitation non autoris\u00e9e du site ou d\u2019un quelconque \u00e9l\u00e9ment qu\u2019il contient sera consid\u00e9r\u00e9e comme constitutive d\u2019une contrefa\u00e7on et poursuivie conform\u00e9ment aux dispositions des articles L.335-2 et suivants du Code de Propri\u00e9t\u00e9 Intellectuelle.<\/p>\n\n\n\n<h2 class=\"wp-block-heading\">Cookies et traceurs<\/h2>\n\n\n\n<p>Le site internet <a href=\"http:\/\/www.musicallier.fr\/\">www.musicallier.fr<\/a> poss\u00e8de un syst\u00e8me de mesure d\u2019audience, ainsi qu\u2019une fonction de partage sur les r\u00e9seaux sociaux.<\/p>\n\n\n\n<p>En application de la directive europ\u00e9enne dite \u00ab&nbsp;paquet t\u00e9l\u00e9com&nbsp;\u00bb, les internautes doivent \u00eatre inform\u00e9s et donner leur consentement&nbsp;pr\u00e9alablement \u00e0 l\u2019insertion de traceurs (plus couramment appel\u00e9s \u00ab&nbsp;cookies&nbsp;\u00bb). Les internautes doivent disposer d\u2019une possibilit\u00e9 de choisir de ne pas \u00eatre trac\u00e9s lorsqu\u2019ils visitent un site ou utilisent une application. Les \u00e9diteurs de sites internet ont donc l\u2019obligation de solliciter au pr\u00e9alable le consentement des utilisateurs.<\/p>\n\n\n\n<p>Le refus d\u2019installation d\u2019un cookie peut entra\u00eener l\u2019impossibilit\u00e9 d\u2019acc\u00e9der \u00e0 certains services. L\u2019internaute peut toutefois configurer son navigateur internet pour refuser l\u2019installation des cookies.<\/p>\n\n\n\n<h3 class=\"wp-block-heading\">Mesure d\u2019audience<\/h3>\n\n\n\n<p>Les cookies de mesure d\u2019audience sont de petits fichiers qui permettent de conna\u00eetre et d\u2019analyser les statistiques de trafic sur le site internet : les pages visit\u00e9es, le nombre de visites, le taux de rebond, la provenance des visites,\u2026 Les cookies de mesure d\u2019audience sont totalement anonymes.<\/p>\n\n\n\n<p>Sur ce site, c\u2019est la solution Google Analytics qui est utilis\u00e9e pour mesurer l\u2019audience.<\/p>\n\n\n\n<h3 class=\"wp-block-heading\">R\u00e9seaux sociaux<\/h3>\n\n\n\n<p>Les cookies li\u00e9s aux r\u00e9seaux sociaux sont associ\u00e9s aux boutons qui facilitent le partage des pages et articles sur les r\u00e9seaux sociaux.<\/p>\n\n\n\n<h2 class=\"wp-block-heading\">Formulaire de contact et commentaires<\/h2>\n\n\n\n<p>Vous pouvez \u00eatre amen\u00e9 \u00e0 nous indiquer votre adresse e-mail lorsque vous remplissez notre formulaire de contact ou d\u00e9posez un commentaire sur l\u2019un des articles du site site <a href=\"http:\/\/www.musicallier.fr\/\">www.musicallier.fr<\/a>.<\/p>\n\n\n\n<p>En aucun cas, votre adresse e-mail ne sera c\u00e9d\u00e9e \u00e0 des tiers.<\/p>\n\n\n\n<h2 class=\"wp-block-heading\">Mod\u00e9ration des commentaires<\/h2>\n\n\n\n<p>Le choix de validation d\u2019un commentaire sur le site <a href=\"http:\/\/www.musicallier.fr\/\">www.musicallier.fr<\/a> est laiss\u00e9 \u00e0 l\u2019enti\u00e8re appr\u00e9ciation du responsable de publication. Les commentaires peuvent \u00eatre supprim\u00e9s, modifi\u00e9s et corrig\u00e9s pour une meilleure compr\u00e9hension des visiteurs (notamment pour l\u2019orthographe).<\/p>\n\n\n\n<p>L\u2019internaute peut signer son commentaire de son nom ou pseudo ou nom de son entreprise. Il peut \u00e9galement renseign\u00e9 une URL dans le champ \u00ab&nbsp;site web&nbsp;\u00bb. Ce lien peut ne pas appara\u00eetre si il a \u00e9t\u00e9 jug\u00e9 que le commentaire n\u2019apportait pas r\u00e9ellement de plus value \u00e0 l\u2019article. Ceci, m\u00eame si le commentaire est publi\u00e9.<\/p>\n\n\n\n<p>Voici des exemples de cas ou un commentaire peut-\u00eatre mod\u00e9r\u00e9 ou supprim\u00e9 :<\/p>\n\n\n\n<ul class=\"wp-block-list\">\n<li>Il a \u00e9t\u00e9 supprim\u00e9 par l\u2019anti-spam<\/li>\n\n\n\n<li>Il n\u2019apporte pas r\u00e9ellement de plus value et n\u2019est pas utile pour les internautes<\/li>\n\n\n\n<li>Il est truff\u00e9 de fautes d\u2019orthographe ou incompr\u00e9hensible<\/li>\n\n\n\n<li>Il semble \u00eatre d\u00e9pos\u00e9 uniquement dans un but auto-promotionnel<\/li>\n\n\n\n<li>Le mail indiqu\u00e9 est visiblement faux<\/li>\n\n\n\n<li>Il est jug\u00e9 diffamatoire pour un tiers<\/li>\n<\/ul>\n\n\n\n<h2 class=\"wp-block-heading\">Newsletter<\/h2>\n\n\n\n<p>Vous pouvez vous abonner \u00e0 la newsletter du site. Vous recevez alors automatiquement et gratuitement des newsletters traitants les sujets du site <a href=\"http:\/\/www.musicallier.fr\/\">www.musicallier.fr<\/a>.<\/p>\n\n\n\n<p>Vous pouvez vous d\u00e9sinscrire \u00e0 tout moment de la newsletter&nbsp;en cliquant sur le lien de d\u00e9sabonnement pr\u00e9sent en bas de chaque newsletter.<\/p>\n\n\n\n<p>En aucun cas, votre adresse e-mail ne sera c\u00e9d\u00e9e \u00e0 des tiers.<\/p>\n\n\n\n<h2 class=\"wp-block-heading\">Liens hypertextes<\/h2>\n\n\n\n<p>Ce site internet contient un certain nombre de liens hypertextes vers d\u2019autres sites. Cependant, <a href=\"http:\/\/www.musicallier.fr\/\">www.musicallier.fr<\/a> n\u2019a pas la possibilit\u00e9 de suivre et v\u00e9rifier le contenu de ces sites, et n\u2019assumera en cons\u00e9quence aucune responsabilit\u00e9 de ce fait.<\/p>\n\n\n\n<h2 class=\"wp-block-heading\">Flux RSS<\/h2>\n\n\n\n<p>Les flux RSS sont exclusivement destin\u00e9s aux visiteurs du site pour une utilisation personnelle et ne sauraient en aucun cas servir \u00e0 alimenter d\u2019autres sites, sauf autorisation \u00e9crite pr\u00e9alable de <a href=\"http:\/\/www.musicallier.fr\/\">www.musicallier.fr<\/a>.<\/p>\n","protected":false},"excerpt":{"rendered":"<p>Pr\u00e9sentation du site En vertu de l&rsquo;article 6 de la loi n\u00b0 2004-575 du 21 juin 2004 pour la confiance [&hellip;]<\/p>\n","protected":false},"author":1,"featured_media":0,"parent":0,"menu_order":0,"comment_status":"closed","ping_status":"closed","template":"","meta":{"site-sidebar-layout":"default","site-content-layout":"","ast-site-content-layout":"","site-content-style":"default","site-sidebar-style":"default","ast-global-header-display":"","ast-banner-title-visibility":"","ast-main-header-display":"","ast-hfb-above-header-display":"","ast-hfb-below-header-display":"","ast-hfb-mobile-header-display":"","site-post-title":"","ast-breadcrumbs-content":"","ast-featured-img":"","footer-sml-layout":"","theme-transparent-header-meta":"","adv-header-id-meta":"","stick-header-meta":"","header-above-stick-meta":"","header-main-stick-meta":"","header-below-stick-meta":"","astra-migrate-meta-layouts":"default","ast-page-background-enabled":"default","ast-page-background-meta":{"desktop":{"background-color":"var(--ast-global-color-5)","background-image":"","background-repeat":"repeat","background-position":"center center","background-size":"auto","background-attachment":"scroll","background-type":"","background-media":"","overlay-type":"","overlay-color":"","overlay-opacity":"","overlay-gradient":""},"tablet":{"background-color":"","background-image":"","background-repeat":"repeat","background-position":"center center","background-size":"auto","background-attachment":"scroll","background-type":"","background-media":"","overlay-type":"","overlay-color":"","overlay-opacity":"","overlay-gradient":""},"mobile":{"background-color":"","background-image":"","background-repeat":"repeat","background-position":"center center","background-size":"auto","background-attachment":"scroll","background-type":"","background-media":"","overlay-type":"","overlay-color":"","overlay-opacity":"","overlay-gradient":""}},"ast-content-background-meta":{"desktop":{"background-color":"var(--ast-global-color-4)","background-image":"","background-repeat":"repeat","background-position":"center center","background-size":"auto","background-attachment":"scroll","background-type":"","background-media":"","overlay-type":"","overlay-color":"","overlay-opacity":"","overlay-gradient":""},"tablet":{"background-color":"var(--ast-global-color-4)","background-image":"","background-repeat":"repeat","background-position":"center center","background-size":"auto","background-attachment":"scroll","background-type":"","background-media":"","overlay-type":"","overlay-color":"","overlay-opacity":"","overlay-gradient":""},"mobile":{"background-color":"var(--ast-global-color-4)","background-image":"","background-repeat":"repeat","background-position":"center center","background-size":"auto","background-attachment":"scroll","background-type":"","background-media":"","overlay-type":"","overlay-color":"","overlay-opacity":"","overlay-gradient":""}},"footnotes":""},"class_list":["post-15","page","type-page","status-publish","hentry"],"yoast_head":"<!-- This site is optimized with the Yoast SEO plugin v25.3 - https:\/\/yoast.com\/wordpress\/plugins\/seo\/ -->\n<title>Mentions l\u00e9gales - Festival Musicallier<\/title>\n<meta name=\"robots\" content=\"index, follow, max-snippet:-1, max-image-preview:large, max-video-preview:-1\" \/>\n<link rel=\"canonical\" href=\"https:\/\/musicallier.fr\/index.php\/mentions-legales\/\" \/>\n<meta property=\"og:locale\" content=\"fr_FR\" \/>\n<meta property=\"og:type\" content=\"article\" \/>\n<meta property=\"og:title\" content=\"Mentions l\u00e9gales - Festival Musicallier\" \/>\n<meta property=\"og:description\" content=\"Pr\u00e9sentation du site En vertu de l&rsquo;article 6 de la loi n\u00b0 2004-575 du 21 juin 2004 pour la confiance [&hellip;]\" \/>\n<meta property=\"og:url\" content=\"https:\/\/musicallier.fr\/index.php\/mentions-legales\/\" \/>\n<meta property=\"og:site_name\" content=\"Festival Musicallier\" \/>\n<meta property=\"article:modified_time\" content=\"2025-06-15T15:55:05+00:00\" \/>\n<meta name=\"twitter:card\" content=\"summary_large_image\" \/>\n<meta name=\"twitter:label1\" content=\"Dur\u00e9e de lecture estim\u00e9e\" \/>\n\t<meta name=\"twitter:data1\" content=\"4 minutes\" \/>\n<script type=\"application\/ld+json\" class=\"yoast-schema-graph\">{\"@context\":\"https:\/\/schema.org\",\"@graph\":[{\"@type\":\"WebPage\",\"@id\":\"https:\/\/musicallier.fr\/index.php\/mentions-legales\/\",\"url\":\"https:\/\/musicallier.fr\/index.php\/mentions-legales\/\",\"name\":\"Mentions l\u00e9gales - Festival Musicallier\",\"isPartOf\":{\"@id\":\"https:\/\/musicallier.fr\/#website\"},\"datePublished\":\"2025-06-15T15:55:04+00:00\",\"dateModified\":\"2025-06-15T15:55:05+00:00\",\"breadcrumb\":{\"@id\":\"https:\/\/musicallier.fr\/index.php\/mentions-legales\/#breadcrumb\"},\"inLanguage\":\"fr-FR\",\"potentialAction\":[{\"@type\":\"ReadAction\",\"target\":[\"https:\/\/musicallier.fr\/index.php\/mentions-legales\/\"]}]},{\"@type\":\"BreadcrumbList\",\"@id\":\"https:\/\/musicallier.fr\/index.php\/mentions-legales\/#breadcrumb\",\"itemListElement\":[{\"@type\":\"ListItem\",\"position\":1,\"name\":\"Accueil\",\"item\":\"https:\/\/musicallier.fr\/\"},{\"@type\":\"ListItem\",\"position\":2,\"name\":\"Mentions l\u00e9gales\"}]},{\"@type\":\"WebSite\",\"@id\":\"https:\/\/musicallier.fr\/#website\",\"url\":\"https:\/\/musicallier.fr\/\",\"name\":\"Festival Musicallier\",\"description\":\"Concerts de musique classique \u00e0 Langeac du 10 au 12 juillet\",\"potentialAction\":[{\"@type\":\"SearchAction\",\"target\":{\"@type\":\"EntryPoint\",\"urlTemplate\":\"https:\/\/musicallier.fr\/?s={search_term_string}\"},\"query-input\":{\"@type\":\"PropertyValueSpecification\",\"valueRequired\":true,\"valueName\":\"search_term_string\"}}],\"inLanguage\":\"fr-FR\"}]}<\/script>\n<!-- \/ Yoast SEO plugin. -->","yoast_head_json":{"title":"Mentions l\u00e9gales - Festival Musicallier","robots":{"index":"index","follow":"follow","max-snippet":"max-snippet:-1","max-image-preview":"max-image-preview:large","max-video-preview":"max-video-preview:-1"},"canonical":"https:\/\/musicallier.fr\/index.php\/mentions-legales\/","og_locale":"fr_FR","og_type":"article","og_title":"Mentions l\u00e9gales - Festival Musicallier","og_description":"Pr\u00e9sentation du site En vertu de l&rsquo;article 6 de la loi n\u00b0 2004-575 du 21 juin 2004 pour la confiance [&hellip;]","og_url":"https:\/\/musicallier.fr\/index.php\/mentions-legales\/","og_site_name":"Festival Musicallier","article_modified_time":"2025-06-15T15:55:05+00:00","twitter_card":"summary_large_image","twitter_misc":{"Dur\u00e9e de lecture estim\u00e9e":"4 minutes"},"schema":{"@context":"https:\/\/schema.org","@graph":[{"@type":"WebPage","@id":"https:\/\/musicallier.fr\/index.php\/mentions-legales\/","url":"https:\/\/musicallier.fr\/index.php\/mentions-legales\/","name":"Mentions l\u00e9gales - Festival Musicallier","isPartOf":{"@id":"https:\/\/musicallier.fr\/#website"},"datePublished":"2025-06-15T15:55:04+00:00","dateModified":"2025-06-15T15:55:05+00:00","breadcrumb":{"@id":"https:\/\/musicallier.fr\/index.php\/mentions-legales\/#breadcrumb"},"inLanguage":"fr-FR","potentialAction":[{"@type":"ReadAction","target":["https:\/\/musicallier.fr\/index.php\/mentions-legales\/"]}]},{"@type":"BreadcrumbList","@id":"https:\/\/musicallier.fr\/index.php\/mentions-legales\/#breadcrumb","itemListElement":[{"@type":"ListItem","position":1,"name":"Accueil","item":"https:\/\/musicallier.fr\/"},{"@type":"ListItem","position":2,"name":"Mentions l\u00e9gales"}]},{"@type":"WebSite","@id":"https:\/\/musicallier.fr\/#website","url":"https:\/\/musicallier.fr\/","name":"Festival Musicallier","description":"Concerts de musique classique \u00e0 Langeac du 10 au 12 juillet","potentialAction":[{"@type":"SearchAction","target":{"@type":"EntryPoint","urlTemplate":"https:\/\/musicallier.fr\/?s={search_term_string}"},"query-input":{"@type":"PropertyValueSpecification","valueRequired":true,"valueName":"search_term_string"}}],"inLanguage":"fr-FR"}]}},"_links":{"self":[{"href":"https:\/\/musicallier.fr\/index.php\/wp-json\/wp\/v2\/pages\/15","targetHints":{"allow":["GET"]}}],"collection":[{"href":"https:\/\/musicallier.fr\/index.php\/wp-json\/wp\/v2\/pages"}],"about":[{"href":"https:\/\/musicallier.fr\/index.php\/wp-json\/wp\/v2\/types\/page"}],"author":[{"embeddable":true,"href":"https:\/\/musicallier.fr\/index.php\/wp-json\/wp\/v2\/users\/1"}],"replies":[{"embeddable":true,"href":"https:\/\/musicallier.fr\/index.php\/wp-json\/wp\/v2\/comments?post=15"}],"version-history":[{"count":1,"href":"https:\/\/musicallier.fr\/index.php\/wp-json\/wp\/v2\/pages\/15\/revisions"}],"predecessor-version":[{"id":16,"href":"https:\/\/musicallier.fr\/index.php\/wp-json\/wp\/v2\/pages\/15\/revisions\/16"}],"wp:attachment":[{"href":"https:\/\/musicallier.fr\/index.php\/wp-json\/wp\/v2\/media?parent=15"}],"curies":[{"name":"wp","href":"https:\/\/api.w.org\/{rel}","templated":true}]}}